{"id":19179,"date":"2024-09-23T14:23:19","date_gmt":"2024-09-23T12:23:19","guid":{"rendered":"https:\/\/technikum.certyfikaty.edu.pl\/?page_id=19179"},"modified":"2026-02-04T11:11:27","modified_gmt":"2026-02-04T10:11:27","slug":"witamy","status":"publish","type":"page","link":"https:\/\/www.bzdz.pl\/technikum-mundurowe-chojnice\/","title":{"rendered":"Witamy"},"content":{"rendered":"<p>[et_pb_section fb_built=&#8221;1&#8243; fullwidth=&#8221;on&#8221; _builder_version=&#8221;4.27.2&#8243; _module_preset=&#8221;default&#8221; global_colors_info=&#8221;{}&#8221;][et_pb_fullwidth_image src=&#8221;https:\/\/www.bzdz.pl\/technikum-mundurowe-chojnice\/wp-content\/uploads\/2024\/09\/strona-glowna.png&#8221; title_text=&#8221;Strona g\u0142\u00f3wna&#8221; _builder_version=&#8221;4.27.2&#8243; _module_preset=&#8221;default&#8221; position_origin_r=&#8221;bottom_left&#8221; global_colors_info=&#8221;{}&#8221;][\/et_pb_fullwidth_image][et_pb_fullwidth_header _builder_version=&#8221;4.27.2&#8243; _module_preset=&#8221;default&#8221; background_enable_color=&#8221;off&#8221; positioning=&#8221;absolute&#8221; position_origin_a=&#8221;bottom_left&#8221; position_origin_a_tablet=&#8221;bottom_left&#8221; position_origin_a_phone=&#8221;center_center&#8221; position_origin_a_last_edited=&#8221;on|desktop&#8221; position_origin_f_tablet=&#8221;&#8221; position_origin_f_phone=&#8221;&#8221; position_origin_f_last_edited=&#8221;on|phone&#8221; position_origin_r_tablet=&#8221;&#8221; position_origin_r_phone=&#8221;&#8221; position_origin_r_last_edited=&#8221;on|phone&#8221; width=&#8221;100%&#8221; custom_padding=&#8221;||100px||false|false&#8221; custom_padding_tablet=&#8221;||50px||false|false&#8221; custom_padding_phone=&#8221;||30px||false|false&#8221; custom_padding_last_edited=&#8221;on|phone&#8221; positioning_tablet=&#8221;absolute&#8221; positioning_phone=&#8221;absolute&#8221; positioning_last_edited=&#8221;on|phone&#8221; global_colors_info=&#8221;{}&#8221;]<\/p>\n<h1>Witamy<br \/>w Szkole Technicznej<br \/>im. Dywizjonu 303 BZDZ<br \/>w Chojnicach!<\/h1>\n<p>[\/et_pb_fullwidth_header][\/et_pb_section][et_pb_section fb_built=&#8221;1&#8243; _builder_version=&#8221;4.21.0&#8243; _module_preset=&#8221;default&#8221; custom_padding=&#8221;||91px|||&#8221; global_colors_info=&#8221;{}&#8221;][et_pb_row _builder_version=&#8221;4.21.0&#8243; _module_preset=&#8221;default&#8221; custom_margin=&#8221;0px||0px||false|false&#8221; custom_padding=&#8221;||0px||false|false&#8221; global_colors_info=&#8221;{}&#8221;][et_pb_column type=&#8221;4_4&#8243; _builder_version=&#8221;4.21.0&#8243; _module_preset=&#8221;default&#8221; global_colors_info=&#8221;{}&#8221;][et_pb_text _builder_version=&#8221;4.21.0&#8243; _module_preset=&#8221;default&#8221; header_2_font_size=&#8221;2.8rem&#8221; global_colors_info=&#8221;{}&#8221;]<\/p>\n<h2 style=\"text-align: center;\">Aktualno\u015bci<\/h2>\n<p>[\/et_pb_text][dgbc_blog_carousel posts_number=&#8221;9&#8243; show_categories=&#8221;off&#8221; show_author=&#8221;off&#8221; meta_date=&#8221;j.m.Y&#8221; transition_duration=&#8221;1000&#8243; dot_nav=&#8221;on&#8221; loop=&#8221;on&#8221; autoplay=&#8221;on&#8221; autoplay_speed=&#8221;2500&#8243; _builder_version=&#8221;4.27.2&#8243; _module_preset=&#8221;default&#8221; meta_font=&#8221;||on||||||&#8221; custom_css_title=&#8221;margin-top: 15px;&#8221; global_colors_info=&#8221;{}&#8221;][\/dgbc_blog_carousel][et_pb_button button_url=&#8221;https:\/\/www.bzdz.pl\/technikum-mundurowe-chojnice\/kategoria\/aktualnosci\/&#8221; button_text=&#8221;&#8230;zobacz wi\u0119cej!&#8221; button_alignment=&#8221;center&#8221; _builder_version=&#8221;4.27.0&#8243; _module_preset=&#8221;default&#8221; custom_padding=&#8221;1rem|3rem|1rem|3rem|true|true&#8221; global_colors_info=&#8221;{}&#8221;][\/et_pb_button][\/et_pb_column][\/et_pb_row][\/et_pb_section][et_pb_section fb_built=&#8221;1&#8243; admin_label=&#8221;section&#8221; _builder_version=&#8221;4.21.0&#8243; background_color=&#8221;#efecec&#8221; custom_margin=&#8221;||0px||false|false&#8221; custom_padding=&#8221;56px||0px||false|false&#8221; global_colors_info=&#8221;{}&#8221;][et_pb_row column_structure=&#8221;1_2,1_2&#8243; make_equal=&#8221;on&#8221; custom_padding_last_edited=&#8221;on|phone&#8221; admin_label=&#8221;row&#8221; _builder_version=&#8221;4.27.2&#8243; background_size=&#8221;initial&#8221; background_position=&#8221;top_left&#8221; background_repeat=&#8221;repeat&#8221; custom_margin=&#8221;||0px||false|false&#8221; custom_margin_tablet=&#8221;||0px||false|false&#8221; custom_margin_phone=&#8221;||||false|false&#8221; custom_margin_last_edited=&#8221;on|phone&#8221; custom_padding=&#8221;||0px||false|false&#8221; custom_padding_tablet=&#8221;||0px||false|false&#8221; custom_padding_phone=&#8221;||55px||false|false&#8221; global_colors_info=&#8221;{}&#8221;][et_pb_column type=&#8221;1_2&#8243; _builder_version=&#8221;4.16&#8243; custom_padding=&#8221;|||&#8221; global_colors_info=&#8221;{}&#8221; custom_padding__hover=&#8221;|||&#8221;][et_pb_slider _builder_version=&#8221;4.27.4&#8243; _module_preset=&#8221;default&#8221; animation_style=&#8221;fade&#8221; animation_duration=&#8221;500ms&#8221; auto=&#8221;on&#8221; auto_speed=&#8221;4000&#8243; auto_ignore_hover=&#8221;on&#8221; global_colors_info=&#8221;{}&#8221;][et_pb_slide heading=&#8221;ODDZIA\u0141 PRZYGOTOWANIA WOJSKOWEGO&#8221; _builder_version=&#8221;4.27.4&#8243; _module_preset=&#8221;default&#8221; header_text_color=&#8221;#000000&#8243; background_enable_color=&#8221;off&#8221; global_colors_info=&#8221;{}&#8221; sticky_transition=&#8221;on&#8221;]<\/p>\n<p><img loading=\"lazy\" decoding=\"async\" class=\"wp-image-20177 alignnone size-large\" src=\"https:\/\/www.bzdz.pl\/technikum-mundurowe-chojnice\/wp-content\/uploads\/2025\/01\/opw-strona-glowna-1024x1024.png\" alt=\"\" width=\"1024\" height=\"1024\" srcset=\"https:\/\/www.bzdz.pl\/technikum-mundurowe-chojnice\/wp-content\/uploads\/2025\/01\/opw-strona-glowna-1024x1024.png 1024w, https:\/\/www.bzdz.pl\/technikum-mundurowe-chojnice\/wp-content\/uploads\/2025\/01\/opw-strona-glowna-980x980.png 980w, https:\/\/www.bzdz.pl\/technikum-mundurowe-chojnice\/wp-content\/uploads\/2025\/01\/opw-strona-glowna-480x480.png 480w\" sizes=\"(min-width: 0px) and (max-width: 480px) 480px, (min-width: 481px) and (max-width: 980px) 980px, (min-width: 981px) 1024px, 100vw\" \/><\/p>\n<p>[\/et_pb_slide][et_pb_slide heading=&#8221;PROFIL WOJSKOWY&#8221; _builder_version=&#8221;4.27.4&#8243; _module_preset=&#8221;default&#8221; header_text_color=&#8221;#000000&#8243; background_enable_color=&#8221;off&#8221; global_colors_info=&#8221;{}&#8221; sticky_transition=&#8221;on&#8221;]<\/p>\n<p><img loading=\"lazy\" decoding=\"async\" class=\"wp-image-20181 alignnone size-large\" src=\"https:\/\/www.bzdz.pl\/technikum-mundurowe-chojnice\/wp-content\/uploads\/2025\/01\/wojskowy-strona-glowna-1024x1024.png\" alt=\"\" width=\"1024\" height=\"1024\" srcset=\"https:\/\/www.bzdz.pl\/technikum-mundurowe-chojnice\/wp-content\/uploads\/2025\/01\/wojskowy-strona-glowna-1024x1024.png 1024w, https:\/\/www.bzdz.pl\/technikum-mundurowe-chojnice\/wp-content\/uploads\/2025\/01\/wojskowy-strona-glowna-980x980.png 980w, https:\/\/www.bzdz.pl\/technikum-mundurowe-chojnice\/wp-content\/uploads\/2025\/01\/wojskowy-strona-glowna-480x480.png 480w\" sizes=\"(min-width: 0px) and (max-width: 480px) 480px, (min-width: 481px) and (max-width: 980px) 980px, (min-width: 981px) 1024px, 100vw\" \/><\/p>\n<p>[\/et_pb_slide][et_pb_slide heading=&#8221;PROFIL POLICYJNY&#8221; _builder_version=&#8221;4.27.4&#8243; _module_preset=&#8221;default&#8221; header_text_color=&#8221;#000000&#8243; background_enable_color=&#8221;off&#8221; global_colors_info=&#8221;{}&#8221; sticky_transition=&#8221;on&#8221;]<\/p>\n<p><img loading=\"lazy\" decoding=\"async\" class=\"wp-image-20182 alignnone size-large\" src=\"https:\/\/www.bzdz.pl\/technikum-mundurowe-chojnice\/wp-content\/uploads\/2025\/01\/policja-strona-glowna-1024x1024.png\" alt=\"\" width=\"1024\" height=\"1024\" srcset=\"https:\/\/www.bzdz.pl\/technikum-mundurowe-chojnice\/wp-content\/uploads\/2025\/01\/policja-strona-glowna-1024x1024.png 1024w, https:\/\/www.bzdz.pl\/technikum-mundurowe-chojnice\/wp-content\/uploads\/2025\/01\/policja-strona-glowna-980x980.png 980w, https:\/\/www.bzdz.pl\/technikum-mundurowe-chojnice\/wp-content\/uploads\/2025\/01\/policja-strona-glowna-480x480.png 480w\" sizes=\"(min-width: 0px) and (max-width: 480px) 480px, (min-width: 481px) and (max-width: 980px) 980px, (min-width: 981px) 1024px, 100vw\" \/><\/p>\n<p>[\/et_pb_slide][et_pb_slide heading=&#8221;PROFIL STRA\u017b PO\u017bARNA&#8221; _builder_version=&#8221;4.27.4&#8243; _module_preset=&#8221;default&#8221; header_text_color=&#8221;#000000&#8243; background_enable_color=&#8221;off&#8221; global_colors_info=&#8221;{}&#8221; sticky_transition=&#8221;on&#8221;]<\/p>\n<p><img loading=\"lazy\" decoding=\"async\" class=\"wp-image-20183 alignnone size-large\" src=\"https:\/\/www.bzdz.pl\/technikum-mundurowe-chojnice\/wp-content\/uploads\/2025\/01\/straz-strona-glowna-1024x1024.png\" alt=\"\" width=\"1024\" height=\"1024\" srcset=\"https:\/\/www.bzdz.pl\/technikum-mundurowe-chojnice\/wp-content\/uploads\/2025\/01\/straz-strona-glowna-1024x1024.png 1024w, https:\/\/www.bzdz.pl\/technikum-mundurowe-chojnice\/wp-content\/uploads\/2025\/01\/straz-strona-glowna-980x980.png 980w, https:\/\/www.bzdz.pl\/technikum-mundurowe-chojnice\/wp-content\/uploads\/2025\/01\/straz-strona-glowna-480x480.png 480w\" sizes=\"(min-width: 0px) and (max-width: 480px) 480px, (min-width: 481px) and (max-width: 980px) 980px, (min-width: 981px) 1024px, 100vw\" \/><\/p>\n<p>[\/et_pb_slide][et_pb_slide heading=&#8221;PROFIL S\u0141U\u017bBY WI\u0118ZIENNEJ&#8221; _builder_version=&#8221;4.27.4&#8243; _module_preset=&#8221;default&#8221; header_text_color=&#8221;#000000&#8243; background_enable_color=&#8221;off&#8221; global_colors_info=&#8221;{}&#8221; sticky_transition=&#8221;on&#8221;]<\/p>\n<p><img loading=\"lazy\" decoding=\"async\" class=\"wp-image-20184 alignnone size-large\" src=\"https:\/\/www.bzdz.pl\/technikum-mundurowe-chojnice\/wp-content\/uploads\/2025\/01\/sw-strona-glowna-1024x1024.png\" alt=\"\" width=\"1024\" height=\"1024\" srcset=\"https:\/\/www.bzdz.pl\/technikum-mundurowe-chojnice\/wp-content\/uploads\/2025\/01\/sw-strona-glowna-1024x1024.png 1024w, https:\/\/www.bzdz.pl\/technikum-mundurowe-chojnice\/wp-content\/uploads\/2025\/01\/sw-strona-glowna-980x980.png 980w, https:\/\/www.bzdz.pl\/technikum-mundurowe-chojnice\/wp-content\/uploads\/2025\/01\/sw-strona-glowna-480x480.png 480w\" sizes=\"(min-width: 0px) and (max-width: 480px) 480px, (min-width: 481px) and (max-width: 980px) 980px, (min-width: 981px) 1024px, 100vw\" \/><\/p>\n<p>[\/et_pb_slide][\/et_pb_slider][\/et_pb_column][et_pb_column type=&#8221;1_2&#8243; _builder_version=&#8221;4.21.0&#8243; custom_padding=&#8221;|||&#8221; custom_css_main_element=&#8221;margin: auto;&#8221; global_colors_info=&#8221;{}&#8221; custom_padding__hover=&#8221;|||&#8221;][et_pb_text _builder_version=&#8221;4.27.2&#8243; _module_preset=&#8221;default&#8221; header_2_text_color=&#8221;#000000&#8243; header_2_font_size=&#8221;2.5rem&#8221; custom_margin=&#8221;0px||33px||false|false&#8221; custom_margin_tablet=&#8221;18px||||false|false&#8221; custom_margin_phone=&#8221;18px||||false|false&#8221; custom_margin_last_edited=&#8221;on|phone&#8221; header_2_text_shadow_style=&#8221;preset5&#8243; header_2_text_shadow_color=&#8221;#FFFFFF&#8221; global_colors_info=&#8221;{}&#8221;]<\/p>\n<h2>Wybierz dla siebie zaw\u00f3d i profil!<\/h2>\n<p>[\/et_pb_text][et_pb_button button_url=&#8221;https:\/\/www.bzdz.pl\/technikum-mundurowe-chojnice\/nasze-zawody-i-profile\/&#8221; button_text=&#8221;Sprawd\u017a, w jakich zawodach kszta\u0142cimy&#8221; _builder_version=&#8221;4.27.4&#8243; _module_preset=&#8221;default&#8221; global_colors_info=&#8221;{}&#8221;][\/et_pb_button][et_pb_text _builder_version=&#8221;4.27.2&#8243; _module_preset=&#8221;default&#8221; header_2_text_color=&#8221;#000000&#8243; header_2_font_size=&#8221;2rem&#8221; custom_margin=&#8221;0px||||false|false&#8221; custom_margin_tablet=&#8221;18px||||false|false&#8221; custom_margin_phone=&#8221;18px||||false|false&#8221; custom_margin_last_edited=&#8221;on|phone&#8221; header_2_text_shadow_style=&#8221;preset5&#8243; header_2_text_shadow_color=&#8221;#FFFFFF&#8221; global_colors_info=&#8221;{}&#8221;]<\/p>\n<h2>Nasze profile:<\/h2>\n<p>[\/et_pb_text][et_pb_text _builder_version=&#8221;4.27.4&#8243; _module_preset=&#8221;default&#8221; header_2_text_color=&#8221;#000000&#8243; header_2_font_size=&#8221;2rem&#8221; custom_margin=&#8221;0px||||false|false&#8221; custom_margin_tablet=&#8221;18px||||false|false&#8221; custom_margin_phone=&#8221;18px||||false|false&#8221; custom_margin_last_edited=&#8221;on|phone&#8221; header_2_text_shadow_style=&#8221;preset5&#8243; header_2_text_shadow_color=&#8221;#FFFFFF&#8221; global_colors_info=&#8221;{}&#8221;]<\/p>\n<h2><span style=\"color: #ff9900;\">Nowy profil POLICJI I STRA\u017bY GRANICZNEJ od 2025\/2026<\/span><\/h2>\n<p>[\/et_pb_text][et_pb_accordion open_toggle_text_color=&#8221;#000000&#8243; open_toggle_background_color=&#8221;#cec8c8&#8243; closed_toggle_background_color=&#8221;#cec8c8&#8243; _builder_version=&#8221;4.27.4&#8243; _module_preset=&#8221;default&#8221; toggle_text_color=&#8221;#000000&#8243; toggle_font_size=&#8221;19px&#8221; body_text_color=&#8221;#000000&#8243; max_width=&#8221;800px&#8221; module_alignment=&#8221;center&#8221; custom_css_toggle=&#8221;margin-bottom: 10px;&#8221; toggle_text_shadow_style=&#8221;preset5&#8243; toggle_text_shadow_color=&#8221;#ffffff&#8221; body_text_shadow_style=&#8221;preset5&#8243; body_text_shadow_color=&#8221;#cec8c8&#8243; border_width_all=&#8221;0px&#8221; locked=&#8221;off&#8221; global_colors_info=&#8221;{}&#8221;][et_pb_accordion_item title=&#8221;OPW &#8211; ODDZIA\u0141 PRZYGOTOWANIA WOJSKOWEGO&#8221; open=&#8221;on&#8221; _builder_version=&#8221;4.27.4&#8243; _module_preset=&#8221;default&#8221; global_colors_info=&#8221;{}&#8221;]<\/p>\n<p>W oddzia\u0142ach realizowane jest szkolenie z zakresu przygotowania wojskowego, w formie dodatkowych zaj\u0119\u0107 edukacyjnych, a jego program okre\u015bla rozporz\u0105dzenie Ministra Obrony Narodowej z dnia 21 maja 2020 r. w sprawie szkolenia w oddziale przygotowania wojskowego. Program realizowany jest przez szko\u0142\u0119 w cz\u0119\u015bci teoretycznej oraz przez patronack\u0105 jednostk\u0119 wojskow\u0105 &#8211; 34 Chojnicki Batalion Radiotechniczny, w cz\u0119\u015bci praktycznej. Szkolenie ko\u0144czy si\u0119 50-godzinnym obozem szkoleniowym, przeprowadzanym na pocz\u0105tku ostatniego roku edukacji w szkole.<br \/>Absolwent oddzia\u0142u przygotowania wojskowego mo\u017ce skorzysta\u0107 z mo\u017cliwo\u015bci odbycia 12-dniowego szkolenia podstawowego oraz otrzyma dodatkowe punkty w rekrutacji do uczelni wojskowych.<\/p>\n<p>[\/et_pb_accordion_item][et_pb_accordion_item title=&#8221;WOJSKOWY&#8221; _builder_version=&#8221;4.27.4&#8243; _module_preset=&#8221;default&#8221; global_colors_info=&#8221;{}&#8221; open=&#8221;off&#8221;]<\/p>\n<p>W oddzia\u0142ach o profilu wojskowym realizowane jest szkolenie z zakresu przygotowania wojskowego w podobnej formie co szkolenie w Oddzia\u0142ach Przygotowania Wojskowego, jak r\u00f3wnie\u017c w formie dodatkowych zaj\u0119\u0107 edukacyjnych, a jego program szkolenia oparty jest na rozporz\u0105dzeniu Ministra Obrony Narodowej z dnia 21 maja 2020 r. w sprawie szkolenia w oddziale przygotowania wojskowego. Program realizowany jest przez szko\u0142\u0119 w cz\u0119\u015bci teoretycznej oraz przez patronack\u0105 jednostk\u0119 wojskow\u0105 (w naszym przypadku przez 34 Chojnicki Batalion Radiotechniczny) w cz\u0119\u015bci praktycznej.<br \/>Kadeci profilu wojskowego naszej szko\u0142y uczestnicz\u0105 w dodatkowych przedsi\u0119wzi\u0119ciach szkoleniowych takich jak:<br \/>&#8211; obozy szkoleniowo-kondycyjne,<br \/>&#8211; zawody i wsp\u00f3\u0142zawodnictwo szkolne i mi\u0119dzyszkolne.<b><\/b><\/p>\n<p>[\/et_pb_accordion_item][et_pb_accordion_item title=&#8221;ODDZIA\u0141 O PROFILU MUNDUROWYM (POLICJI I STRA\u017bY GRANICZNEJ)&#8221; _builder_version=&#8221;4.27.4&#8243; _module_preset=&#8221;default&#8221; global_colors_info=&#8221;{}&#8221; open=&#8221;off&#8221;]<\/p>\n<p><span>Oddzia\u0142 o profilu mundurowym\u00a0 jest skierowany przede wszystkim do os\u00f3b, kt\u00f3re swoj\u0105 przysz\u0142o\u015b\u0107 chc\u0105 zwi\u0105za\u0107 ze s\u0142u\u017cb\u0105 w formacjach mundurowych, ze szczeg\u00f3lnym uwzgl\u0119dnieniem policji i stra\u017cy granicznej.\u00a0<\/span><\/p>\n<p>\u2013 Pierwsze\u0144stwo w przyj\u0119ciu do s\u0142u\u017cby w policji lub stra\u017cy granicznej dla absolwent\u00f3w klas mundurowych, kt\u00f3rzy przejd\u0105 post\u0119powanie kwalifikacyjne<span><\/span><\/p>\n<p>\u2013 Zwolnienie z testu sprawno\u015bci dla absolwent\u00f3w, kt\u00f3rzy otrzymaj\u0105 pozytywny wynik testu sprawno\u015bciowego w ostatnim roku nauki w klasach mundurowych<\/p>\n<p>\u2013 Zwolnienie z testu wiedzy dla absolwent\u00f3w klas mundurowych, kt\u00f3rzy w ci\u0105gu 3 lat od uko\u0144czenia szko\u0142y z\u0142o\u017c\u0105 podanie o przyj\u0119cie do policji lub stra\u017cy granicznej<\/p>\n<p>\u2013 Przygotowanie praktyczne dzi\u0119ki szkoleniom, warsztatom terenowym, wyjazdom, symulacjom, \u0107wiczeniom zespo\u0142owym, zaj\u0119ciom na strzelnicy oraz treningom na nowoczesnej si\u0142owni<\/p>\n<p>\u2013 Zaj\u0119cia prowadzone przez do\u015bwiadczon\u0105 kadr\u0119<\/p>\n<p>[\/et_pb_accordion_item][et_pb_accordion_item title=&#8221;POLICYJNY&#8221; _builder_version=&#8221;4.27.4&#8243; _module_preset=&#8221;default&#8221; global_colors_info=&#8221;{}&#8221; open=&#8221;off&#8221;]<\/p>\n<p>W\u00a0ramach profilu mundurowego policji uczniowie poznaj\u0105 zadania i organizacj\u0119 policji, zapoznaj\u0105 si\u0119 ze specyfik\u0105 pracy w komendach wojew\u00f3dzkich, powiatowych, miejskich i posterunkach. W trakcie nauki kadeci poznaj\u0105 struktur\u0119 i rodzaje s\u0142u\u017cb policyjnych, podstawowe przepisy prawne dotycz\u0105ce: policji, prawa karnego, prawa wykrocze\u0144 oraz ruchu drogowego. Zaj\u0119cia realizowane s\u0105 z przedstawicielami policji i innych s\u0142u\u017cb mundurowych. Kadeci zdobywaj\u0105 wiedz\u0119 z zakresu historii policji, prawa karnego, prawa karnego procesowego, prawa o ruchu drogowym, prawa wykrocze\u0144, kryminalistyki i kryminologii, a tak\u017ce techniki interwencji s\u0142u\u017cb mundurowych, samoobrony, zaj\u0119cia strzeleckie oraz musztry.<\/p>\n<p>[\/et_pb_accordion_item][et_pb_accordion_item title=&#8221;STRA\u017b PO\u017bARNA&#8221; _builder_version=&#8221;4.27.4&#8243; _module_preset=&#8221;default&#8221; global_colors_info=&#8221;{}&#8221; open=&#8221;off&#8221;]<\/p>\n<p>Zaj\u0119cia na profilu stra\u017c po\u017carna prowadzone s\u0105 w spos\u00f3b atrakcyjny dla kadet\u00f3w &#8211; stawiamy na PRAKTYK\u0118. Podczas zaj\u0119\u0107 korzystamy z wielu pomocy, aby zapami\u0119ta\u0107 z nich jak najwi\u0119cej! Korzystamy z prezentacji, film\u00f3w, s\u0142uchamy opowie\u015bci ze s\u0142u\u017cby oraz praktyki zawodowej instruktora. Uczniowie zdobywaj\u0105 wiedz\u0119 i umiej\u0119tno\u015bci niezb\u0119dne do pe\u0142nienia s\u0142u\u017cby w Pa\u0144stwowej Stra\u017cy Po\u017carnej.<\/p>\n<p>[\/et_pb_accordion_item][et_pb_accordion_item title=&#8221;S\u0141U\u017bBA WI\u0118ZIENNA&#8221; _builder_version=&#8221;4.27.4&#8243; _module_preset=&#8221;default&#8221; global_colors_info=&#8221;{}&#8221; open=&#8221;off&#8221;]<\/p>\n<p>W ramach profilu mundurowego s\u0142u\u017cby wi\u0119ziennej uczniowie poznaj\u0105 zadania i organizacj\u0119 S\u0142u\u017cby wi\u0119ziennej, zapoznaj\u0105 si\u0119 ze specyfik\u0105 pracy w Aresztach \u015aledczych i Zak\u0142adach Karnych. Ponadto, zapoznaj\u0105 si\u0119 z etyk\u0105 zawodow\u0105, zagadnieniami zwi\u0105zanymi z wykonywaniem kary pozbawienia wolno\u015bci, podstawami resocjalizacji, poznaj\u0105 porz\u0105dek wewn\u0119trzny zak\u0142adu karnego, prawa i obowi\u0105zki os\u00f3b osadzonych w ZK i tymczasowo aresztowanych, a tak\u017ce patologii i podkultur w zak\u0142adach penitencjarnych.<\/p>\n<p>[\/et_pb_accordion_item][\/et_pb_accordion][\/et_pb_column][\/et_pb_row][\/et_pb_section][et_pb_section fb_built=&#8221;1&#8243; _builder_version=&#8221;4.21.0&#8243; _module_preset=&#8221;default&#8221; custom_padding=&#8221;||11px|||&#8221; global_colors_info=&#8221;{}&#8221;][et_pb_row use_custom_gutter=&#8221;on&#8221; gutter_width=&#8221;1&#8243; _builder_version=&#8221;4.21.0&#8243; _module_preset=&#8221;default&#8221; custom_margin=&#8221;0px||0px||false|false&#8221; custom_padding=&#8221;||0px||false|false&#8221; global_colors_info=&#8221;{}&#8221;][et_pb_column type=&#8221;4_4&#8243; _builder_version=&#8221;4.21.0&#8243; _module_preset=&#8221;default&#8221; global_colors_info=&#8221;{}&#8221;][et_pb_text _builder_version=&#8221;4.27.0&#8243; _module_preset=&#8221;default&#8221; header_2_font_size=&#8221;2.5rem&#8221; custom_margin=&#8221;||2rem||false|false&#8221; global_colors_info=&#8221;{}&#8221;]<\/p>\n<h2 style=\"text-align: center;\">Zobacz, co si\u0119 u nas dzieje!<\/h2>\n<p>[\/et_pb_text][et_pb_gallery gallery_ids=&#8221;21880,21876,21883,21881,21878,21868,21866,21853,21852,21848,21830,21823,21818,21806,21797,21802,21790,21783,21774,21757,21761,21705,21718,21717,21672,21645,21623,21607,21581,21540,21568,21544,21509,21335,21506,21306,21304,21299,21297,21295,21291,21289,21273,21261,21256,21255,21208,21213,21186,21139,21131,21032,20962,20771,20951,20941,21012,20465,20503,20495,20478,20457,20453,20451,20425,20421,20352,20385,20392,20309,20295,20291,20268,20160,20199,20166,20129,20109,20086,20077,20057,20029,19981,20041,19855,19867,19932,19235,19236,19237,19238,19239,19240,19241,19242&#8243; posts_number=&#8221;99&#8243; show_title_and_caption=&#8221;off&#8221; show_pagination=&#8221;off&#8221; zoom_icon_color=&#8221;#FFFFFF&#8221; hover_overlay_color=&#8221;rgba(0,0,0,0.29)&#8221; hover_icon=&#8221;&#x55;||divi||400&#8243; _builder_version=&#8221;4.27.5&#8243; _module_preset=&#8221;default&#8221; hover_enabled=&#8221;0&#8243; border_width_all_image=&#8221;2px&#8221; border_color_all_image=&#8221;RGBA(255,255,255,0)&#8221; global_colors_info=&#8221;{}&#8221; sticky_enabled=&#8221;0&#8243;][\/et_pb_gallery][et_pb_gallery gallery_ids=&#8221;20465,20503,20495,20478,20457,20453,20451,20425,20421,20352,20385,20392,20309,20295,20291,20268,20160,20199,20166,20129,20109,20086,20077,20057,20029,19981,20041,19855,19867,19932,19235,19236,19237,19238,19239,19240,19241,19242&#8243; posts_number=&#8221;99&#8243; show_title_and_caption=&#8221;off&#8221; show_pagination=&#8221;off&#8221; zoom_icon_color=&#8221;#FFFFFF&#8221; hover_overlay_color=&#8221;rgba(0,0,0,0.29)&#8221; hover_icon=&#8221;&#x55;||divi||400&#8243; _builder_version=&#8221;4.27.4&#8243; _module_preset=&#8221;default&#8221; border_width_all_image=&#8221;2px&#8221; border_color_all_image=&#8221;RGBA(255,255,255,0)&#8221; global_colors_info=&#8221;{}&#8221;][\/et_pb_gallery][et_pb_button button_url=&#8221;https:\/\/www.bzdz.pl\/technikum-mundurowe-chojnice\/galeria\/&#8221; button_text=&#8221;&#8230;zobacz wi\u0119cej zdj\u0119\u0107!&#8221; button_alignment=&#8221;center&#8221; _builder_version=&#8221;4.27.0&#8243; _module_preset=&#8221;default&#8221; custom_margin=&#8221;44px||||false|false&#8221; custom_padding=&#8221;1rem|3rem|1rem|3rem|true|true&#8221; global_colors_info=&#8221;{}&#8221;][\/et_pb_button][et_pb_text _builder_version=&#8221;4.27.2&#8243; _module_preset=&#8221;default&#8221; custom_margin=&#8221;88px||0px||false|false&#8221; global_colors_info=&#8221;{}&#8221;]<\/p>\n<p><img loading=\"lazy\" decoding=\"async\" src=\"https:\/\/www.bzdz.pl\/technikum-mundurowe-chojnice\/wp-content\/uploads\/2024\/10\/o-szkole.jpg\" width=\"1024\" height=\"768\" alt=\"\" class=\"wp-image-19445 aligncenter size-full\" srcset=\"https:\/\/www.bzdz.pl\/technikum-mundurowe-chojnice\/wp-content\/uploads\/2024\/10\/o-szkole.jpg 1024w, https:\/\/www.bzdz.pl\/technikum-mundurowe-chojnice\/wp-content\/uploads\/2024\/10\/o-szkole-980x735.jpg 980w, https:\/\/www.bzdz.pl\/technikum-mundurowe-chojnice\/wp-content\/uploads\/2024\/10\/o-szkole-480x360.jpg 480w\" sizes=\"(min-width: 0px) and (max-width: 480px) 480px, (min-width: 481px) and (max-width: 980px) 980px, (min-width: 981px) 1024px, 100vw\" \/><\/p>\n<p>[\/et_pb_text][\/et_pb_column][\/et_pb_row][\/et_pb_section][et_pb_section fb_built=&#8221;1&#8243; _builder_version=&#8221;4.21.0&#8243; _module_preset=&#8221;default&#8221; custom_padding=&#8221;56px||115px|||&#8221; global_colors_info=&#8221;{}&#8221;][et_pb_row use_custom_gutter=&#8221;on&#8221; gutter_width=&#8221;1&#8243; _builder_version=&#8221;4.21.0&#8243; _module_preset=&#8221;default&#8221; custom_margin=&#8221;0px||0px||false|false&#8221; custom_padding=&#8221;4px||0px||false|false&#8221; global_colors_info=&#8221;{}&#8221;][et_pb_column type=&#8221;4_4&#8243; _builder_version=&#8221;4.21.0&#8243; _module_preset=&#8221;default&#8221; global_colors_info=&#8221;{}&#8221;][et_pb_text _builder_version=&#8221;4.27.2&#8243; _module_preset=&#8221;default&#8221; custom_margin=&#8221;||55px||false|false&#8221; locked=&#8221;off&#8221; global_colors_info=&#8221;{}&#8221;]<\/p>\n<hr \/>\n<p>[\/et_pb_text][et_pb_text _builder_version=&#8221;4.27.2&#8243; _module_preset=&#8221;default&#8221; header_2_font_size=&#8221;2.5rem&#8221; custom_margin=&#8221;||26px||false|false&#8221; global_colors_info=&#8221;{}&#8221;]<\/p>\n<h2 style=\"text-align: center;\">Pytania? Skontaktuj si\u0119 z nami!<\/h2>\n<p>[\/et_pb_text][et_pb_contact_form email=&#8221;chojnice@bzdz.pl&#8221; submit_button_text=&#8221;Wy\u015blij wiadomo\u015b\u0107&#8221; _builder_version=&#8221;4.27.2&#8243; _module_preset=&#8221;default&#8221; _unique_id=&#8221;b7e29585-a43e-4cad-912d-07a18036e572&#8243; max_width=&#8221;700px&#8221; module_alignment=&#8221;center&#8221; global_colors_info=&#8221;{}&#8221;][et_pb_contact_field field_id=&#8221;Name&#8221; field_title=&#8221;Imi\u0119 i nazwisko&#8221; _builder_version=&#8221;4.27.0&#8243; global_colors_info=&#8221;{}&#8221; button_text_size__hover_enabled=&#8221;off&#8221; button_one_text_size__hover_enabled=&#8221;off&#8221; button_two_text_size__hover_enabled=&#8221;off&#8221; button_text_color__hover_enabled=&#8221;off&#8221; button_one_text_color__hover_enabled=&#8221;off&#8221; button_two_text_color__hover_enabled=&#8221;off&#8221; button_border_width__hover_enabled=&#8221;off&#8221; button_one_border_width__hover_enabled=&#8221;off&#8221; button_two_border_width__hover_enabled=&#8221;off&#8221; button_border_color__hover_enabled=&#8221;off&#8221; button_one_border_color__hover_enabled=&#8221;off&#8221; button_two_border_color__hover_enabled=&#8221;off&#8221; button_border_radius__hover_enabled=&#8221;off&#8221; button_one_border_radius__hover_enabled=&#8221;off&#8221; button_two_border_radius__hover_enabled=&#8221;off&#8221; button_letter_spacing__hover_enabled=&#8221;off&#8221; button_one_letter_spacing__hover_enabled=&#8221;off&#8221; button_two_letter_spacing__hover_enabled=&#8221;off&#8221; button_bg_color__hover_enabled=&#8221;off&#8221; button_one_bg_color__hover_enabled=&#8221;off&#8221; button_two_bg_color__hover_enabled=&#8221;off&#8221;][\/et_pb_contact_field][et_pb_contact_field field_id=&#8221;Email&#8221; field_title=&#8221;E-mail&#8221; field_type=&#8221;email&#8221; _builder_version=&#8221;4.27.0&#8243; global_colors_info=&#8221;{}&#8221; button_text_size__hover_enabled=&#8221;off&#8221; button_one_text_size__hover_enabled=&#8221;off&#8221; button_two_text_size__hover_enabled=&#8221;off&#8221; button_text_color__hover_enabled=&#8221;off&#8221; button_one_text_color__hover_enabled=&#8221;off&#8221; button_two_text_color__hover_enabled=&#8221;off&#8221; button_border_width__hover_enabled=&#8221;off&#8221; button_one_border_width__hover_enabled=&#8221;off&#8221; button_two_border_width__hover_enabled=&#8221;off&#8221; button_border_color__hover_enabled=&#8221;off&#8221; button_one_border_color__hover_enabled=&#8221;off&#8221; button_two_border_color__hover_enabled=&#8221;off&#8221; button_border_radius__hover_enabled=&#8221;off&#8221; button_one_border_radius__hover_enabled=&#8221;off&#8221; button_two_border_radius__hover_enabled=&#8221;off&#8221; button_letter_spacing__hover_enabled=&#8221;off&#8221; button_one_letter_spacing__hover_enabled=&#8221;off&#8221; button_two_letter_spacing__hover_enabled=&#8221;off&#8221; button_bg_color__hover_enabled=&#8221;off&#8221; button_one_bg_color__hover_enabled=&#8221;off&#8221; button_two_bg_color__hover_enabled=&#8221;off&#8221;][\/et_pb_contact_field][et_pb_contact_field field_id=&#8221;Message&#8221; field_title=&#8221;Twoja wiadomo\u015b\u0107&#8221; field_type=&#8221;text&#8221; fullwidth_field=&#8221;on&#8221; _builder_version=&#8221;4.27.0&#8243; global_colors_info=&#8221;{}&#8221; button_text_size__hover_enabled=&#8221;off&#8221; button_one_text_size__hover_enabled=&#8221;off&#8221; button_two_text_size__hover_enabled=&#8221;off&#8221; button_text_color__hover_enabled=&#8221;off&#8221; button_one_text_color__hover_enabled=&#8221;off&#8221; button_two_text_color__hover_enabled=&#8221;off&#8221; button_border_width__hover_enabled=&#8221;off&#8221; button_one_border_width__hover_enabled=&#8221;off&#8221; button_two_border_width__hover_enabled=&#8221;off&#8221; button_border_color__hover_enabled=&#8221;off&#8221; button_one_border_color__hover_enabled=&#8221;off&#8221; button_two_border_color__hover_enabled=&#8221;off&#8221; button_border_radius__hover_enabled=&#8221;off&#8221; button_one_border_radius__hover_enabled=&#8221;off&#8221; button_two_border_radius__hover_enabled=&#8221;off&#8221; button_letter_spacing__hover_enabled=&#8221;off&#8221; button_one_letter_spacing__hover_enabled=&#8221;off&#8221; button_two_letter_spacing__hover_enabled=&#8221;off&#8221; button_bg_color__hover_enabled=&#8221;off&#8221; button_one_bg_color__hover_enabled=&#8221;off&#8221; button_two_bg_color__hover_enabled=&#8221;off&#8221;][\/et_pb_contact_field][\/et_pb_contact_form][\/et_pb_column][\/et_pb_row][\/et_pb_section]<\/p>\n","protected":false},"excerpt":{"rendered":"<p>Witamyw Szkole Technicznejim. Dywizjonu 303 BZDZw Chojnicach!Aktualno\u015bci<div class=\"et_pb_module dgbc_blog_carousel dgbc_blog_carousel_0\">\n\t\t\t\t\n\t\t\t\t\n\t\t\t\t\n\t\t\t\t\n\t\t\t\t\n\t\t\t\t\n\t\t\t\t<div class=\"et_pb_module_inner\">\n\t\t\t\t\t<div class=\"dgbc_carousel_wrapper\" data-props='{\"desktop\":\"3\",\"tablet\":\"2\",\"mobile\":\"1\",\"multislide\":\"off\",\"spacing\":\"30\",\"speed\":\"1000\",\"order\":\"0\",\"arrow\":\"off\",\"dots\":\"on\",\"centermode\":\"off\",\"loop\":\"on\",\"autoplay\":\"on\",\"hoverpause\":\"off\",\"autoplay_speed\":\"2500\",\"effect\":\"slide\",\"coverflow\":\"50\",\"shadow\":\"on\",\"xlarge\":\"4\",\"tablet_spacing\":\"30\",\"mobile_spacing\":\"30\"}'>\n\t\t\t\t\t\t\t\n\t\t\t\t\t\t\t<div class=\"swiper-container\">\n\t\t\t\t\t\t\t\t<div class=\"swiper-wrapper\">\t\t\t\t\n\t\t\t\t<article id=\"post-22248\" class=\"dgbc_post_item post-22248 post type-post status-publish format-standard has-post-thumbnail hentry category-aktualnosci\">\n\t\t\t\t\t<div class=\"dgbc_post_inner_wrapper\">\n\t\t\t\t\t\t<div class=\"dg-post-thumb\"><a href=\"https:\/\/www.bzdz.pl\/technikum-mundurowe-chojnice\/sukcesy-naszych-uczniow-w-zawodach-pierwszej-pomocy-i-obrony-cywilnej-%f0%9f%9a%91%f0%9f%9b%a1%ef%b8%8f\/\" data-icon=\"1\"><img loading=\"lazy\" decoding=\"async\" src=\"https:\/\/www.bzdz.pl\/technikum-mundurowe-chojnice\/wp-content\/uploads\/2026\/04\/dyplom-pck-400x250.png\" alt=\"Sukcesy naszych uczni\u00f3w w zawodach pierwszej pomocy i obrony cywilnej! \ud83d\ude91\ud83d\udee1\ufe0f\" class=\"\" srcset=\"https:\/\/www.bzdz.pl\/technikum-mundurowe-chojnice\/wp-content\/uploads\/2026\/04\/dyplom-pck.png 479w, https:\/\/www.bzdz.pl\/technikum-mundurowe-chojnice\/wp-content\/uploads\/2026\/04\/dyplom-pck-400x250.png 480w \" sizes=\"(max-width:479px) 479px, 100vw \"  width=\"400\" height=\"250\" \/><\/a><\/div>\t\t\t\t\t\t<div class=\"content-wrapper\">\n\t\t\t\t\t\t\t<h2 class=\"dg_bc_title\"><a href=\"https:\/\/www.bzdz.pl\/technikum-mundurowe-chojnice\/sukcesy-naszych-uczniow-w-zawodach-pierwszej-pomocy-i-obrony-cywilnej-%f0%9f%9a%91%f0%9f%9b%a1%ef%b8%8f\/\">Sukcesy naszych uczni\u00f3w w zawodach pierwszej pomocy i obrony cywilnej! \ud83d\ude91\ud83d\udee1\ufe0f<\/a><\/h2><p class=\"post-meta\"><span class=\"published\">29.04.2026<\/span><\/p><div class=\"post-content\"><p>Z dum\u0105 informujemy o kolejnych osi\u0105gni\u0119ciach reprezentacji naszej szko\u0142y! W miniony czwartek, 25 kwietnia, w Choj...<\/div>\t\t\t\t\t\t\t\t\t\t\t\t\t\t\t\t\t\t\t\t\t\n\t\t\t\t\t\t<\/div>\n\t\t\t\t\t<\/div>\n\t\t\t\t<\/article>\n\t\t\t\t\t\t\t\t\n\t\t\t\t<article id=\"post-22230\" class=\"dgbc_post_item post-22230 post type-post status-publish format-standard has-post-thumbnail hentry category-aktualnosci\">\n\t\t\t\t\t<div class=\"dgbc_post_inner_wrapper\">\n\t\t\t\t\t\t<div class=\"dg-post-thumb\"><a href=\"https:\/\/www.bzdz.pl\/technikum-mundurowe-chojnice\/uroczyste-zakonczenie-klas-piatych-%f0%9f%8e%93\/\" data-icon=\"1\"><img loading=\"lazy\" decoding=\"async\" src=\"https:\/\/www.bzdz.pl\/technikum-mundurowe-chojnice\/wp-content\/uploads\/2026\/04\/img-20260423-wa0001-400x250.jpg\" alt=\"Uroczyste zako\u0144czenie klas pi\u0105tych \ud83c\udf93\" class=\"\" srcset=\"https:\/\/www.bzdz.pl\/technikum-mundurowe-chojnice\/wp-content\/uploads\/2026\/04\/img-20260423-wa0001.jpg 479w, https:\/\/www.bzdz.pl\/technikum-mundurowe-chojnice\/wp-content\/uploads\/2026\/04\/img-20260423-wa0001-400x250.jpg 480w \" sizes=\"(max-width:479px) 479px, 100vw \"  width=\"400\" height=\"250\" \/><\/a><\/div>\t\t\t\t\t\t<div class=\"content-wrapper\">\n\t\t\t\t\t\t\t<h2 class=\"dg_bc_title\"><a href=\"https:\/\/www.bzdz.pl\/technikum-mundurowe-chojnice\/uroczyste-zakonczenie-klas-piatych-%f0%9f%8e%93\/\">Uroczyste zako\u0144czenie klas pi\u0105tych \ud83c\udf93<\/a><\/h2><p class=\"post-meta\"><span class=\"published\">29.04.2026<\/span><\/p><div class=\"post-content\"><p>\ud83c\udf93 To by\u0142 dzie\u0144 pe\u0142en wzrusze\u0144 w Chojnickim Centrum Kultury! W ubieg\u0142ym tygodniu oficjalnie po\u017cegnali\u015bmy nas...<\/div>\t\t\t\t\t\t\t\t\t\t\t\t\t\t\t\t\t\t\t\t\t\n\t\t\t\t\t\t<\/div>\n\t\t\t\t\t<\/div>\n\t\t\t\t<\/article>\n\t\t\t\t\t\t\t\t\n\t\t\t\t<article id=\"post-22226\" class=\"dgbc_post_item post-22226 post type-post status-publish format-standard has-post-thumbnail hentry category-aktualnosci\">\n\t\t\t\t\t<div class=\"dgbc_post_inner_wrapper\">\n\t\t\t\t\t\t<div class=\"dg-post-thumb\"><a href=\"https:\/\/www.bzdz.pl\/technikum-mundurowe-chojnice\/z-glebokim-zalem-zegnamy-nasza-uczennice\/\" data-icon=\"1\"><img loading=\"lazy\" decoding=\"async\" src=\"https:\/\/www.bzdz.pl\/technikum-mundurowe-chojnice\/wp-content\/uploads\/2026\/04\/znicz-400x250.jpg\" alt=\"Z g\u0142\u0119bokim \u017calem \u017cegnamy nasz\u0105 Uczennic\u0119\" class=\"\" srcset=\"https:\/\/www.bzdz.pl\/technikum-mundurowe-chojnice\/wp-content\/uploads\/2026\/04\/znicz.jpg 479w, https:\/\/www.bzdz.pl\/technikum-mundurowe-chojnice\/wp-content\/uploads\/2026\/04\/znicz-400x250.jpg 480w \" sizes=\"(max-width:479px) 479px, 100vw \"  width=\"400\" height=\"250\" \/><\/a><\/div>\t\t\t\t\t\t<div class=\"content-wrapper\">\n\t\t\t\t\t\t\t<h2 class=\"dg_bc_title\"><a href=\"https:\/\/www.bzdz.pl\/technikum-mundurowe-chojnice\/z-glebokim-zalem-zegnamy-nasza-uczennice\/\">Z g\u0142\u0119bokim \u017calem \u017cegnamy nasz\u0105 Uczennic\u0119<\/a><\/h2><p class=\"post-meta\"><span class=\"published\">27.04.2026<\/span><\/p><div class=\"post-content\"><p>Z ogromnym smutkiem i ogromnym \u017calem przyj\u0119li\u015bmy wiadomo\u015b\u0107, \u017ce 22 kwietnia 2026 roku, w wieku 19 lat, odesz\u0142a ...<\/div>\t\t\t\t\t\t\t\t\t\t\t\t\t\t\t\t\t\t\t\t\t\n\t\t\t\t\t\t<\/div>\n\t\t\t\t\t<\/div>\n\t\t\t\t<\/article>\n\t\t\t\t\t\t\t\t\n\t\t\t\t<article id=\"post-22196\" class=\"dgbc_post_item post-22196 post type-post status-publish format-standard has-post-thumbnail hentry category-aktualnosci\">\n\t\t\t\t\t<div class=\"dgbc_post_inner_wrapper\">\n\t\t\t\t\t\t<div class=\"dg-post-thumb\"><a href=\"https:\/\/www.bzdz.pl\/technikum-mundurowe-chojnice\/%f0%9f%92%a5raport-z-poligonu-drawskiego-nasi-kadeci-w-krajowej-czolowce%f0%9f%92%a5\/\" data-icon=\"1\"><img loading=\"lazy\" decoding=\"async\" src=\"https:\/\/www.bzdz.pl\/technikum-mundurowe-chojnice\/wp-content\/uploads\/2026\/04\/17219-400x250.jpg\" alt=\"\ud83d\udca5Raport z Poligonu Drawskiego: Nasi kadeci w krajowej czo\u0142\u00f3wce!\ud83d\udca5\" class=\"\" srcset=\"https:\/\/www.bzdz.pl\/technikum-mundurowe-chojnice\/wp-content\/uploads\/2026\/04\/17219.jpg 479w, https:\/\/www.bzdz.pl\/technikum-mundurowe-chojnice\/wp-content\/uploads\/2026\/04\/17219-400x250.jpg 480w \" sizes=\"(max-width:479px) 479px, 100vw \"  width=\"400\" height=\"250\" \/><\/a><\/div>\t\t\t\t\t\t<div class=\"content-wrapper\">\n\t\t\t\t\t\t\t<h2 class=\"dg_bc_title\"><a href=\"https:\/\/www.bzdz.pl\/technikum-mundurowe-chojnice\/%f0%9f%92%a5raport-z-poligonu-drawskiego-nasi-kadeci-w-krajowej-czolowce%f0%9f%92%a5\/\">\ud83d\udca5Raport z Poligonu Drawskiego: Nasi kadeci w krajowej czo\u0142\u00f3wce!\ud83d\udca5<\/a><\/h2><p class=\"post-meta\"><span class=\"published\">24.04.2026<\/span><\/p><div class=\"post-content\"><p>Z dum\u0105 meldujemy, \u017ce reprezentacja naszej szko\u0142y wr\u00f3ci\u0142a z IX Og\u00f3lnopolskich Mistrzostw Klas Mundurowych. Na wy...<\/div>\t\t\t\t\t\t\t\t\t\t\t\t\t\t\t\t\t\t\t\t\t\n\t\t\t\t\t\t<\/div>\n\t\t\t\t\t<\/div>\n\t\t\t\t<\/article>\n\t\t\t\t\t\t\t\t\n\t\t\t\t<article id=\"post-22157\" class=\"dgbc_post_item post-22157 post type-post status-publish format-standard has-post-thumbnail hentry category-aktualnosci\">\n\t\t\t\t\t<div class=\"dgbc_post_inner_wrapper\">\n\t\t\t\t\t\t<div class=\"dg-post-thumb\"><a href=\"https:\/\/www.bzdz.pl\/technikum-mundurowe-chojnice\/drzwi-otwarte-2026-za-nami-%f0%9f%8e%af%f0%9f%9b%a1%ef%b8%8f\/\" data-icon=\"1\"><img loading=\"lazy\" decoding=\"async\" src=\"https:\/\/www.bzdz.pl\/technikum-mundurowe-chojnice\/wp-content\/uploads\/2026\/04\/img-20260421-wa0018-400x250.jpg\" alt=\"Drzwi Otwarte 2026 za nami! \ud83c\udfaf\ud83d\udee1\ufe0f\" class=\"\" srcset=\"https:\/\/www.bzdz.pl\/technikum-mundurowe-chojnice\/wp-content\/uploads\/2026\/04\/img-20260421-wa0018.jpg 479w, https:\/\/www.bzdz.pl\/technikum-mundurowe-chojnice\/wp-content\/uploads\/2026\/04\/img-20260421-wa0018-400x250.jpg 480w \" sizes=\"(max-width:479px) 479px, 100vw \"  width=\"400\" height=\"250\" \/><\/a><\/div>\t\t\t\t\t\t<div class=\"content-wrapper\">\n\t\t\t\t\t\t\t<h2 class=\"dg_bc_title\"><a href=\"https:\/\/www.bzdz.pl\/technikum-mundurowe-chojnice\/drzwi-otwarte-2026-za-nami-%f0%9f%8e%af%f0%9f%9b%a1%ef%b8%8f\/\">Drzwi Otwarte 2026 za nami! \ud83c\udfaf\ud83d\udee1\ufe0f<\/a><\/h2><p class=\"post-meta\"><span class=\"published\">22.04.2026<\/span><\/p><div class=\"post-content\"><p>Drzwi Otwarte w naszej szkole (poniedzia\u0142ek, 20 kwietnia) przesz\u0142y do historii pod znakiem wielkich emocji i nowocz...<\/div>\t\t\t\t\t\t\t\t\t\t\t\t\t\t\t\t\t\t\t\t\t\n\t\t\t\t\t\t<\/div>\n\t\t\t\t\t<\/div>\n\t\t\t\t<\/article>\n\t\t\t\t\t\t\t\t\n\t\t\t\t<article id=\"post-22144\" class=\"dgbc_post_item post-22144 post type-post status-publish format-standard has-post-thumbnail hentry category-aktualnosci\">\n\t\t\t\t\t<div class=\"dgbc_post_inner_wrapper\">\n\t\t\t\t\t\t<div class=\"dg-post-thumb\"><a href=\"https:\/\/www.bzdz.pl\/technikum-mundurowe-chojnice\/%f0%9f%91%ae%e2%99%82%ef%b8%8f-klasy-mundurowe-z-wizyta-w-akademii-policji-w-szczytnie-%f0%9f%9a%94\/\" data-icon=\"1\"><img loading=\"lazy\" decoding=\"async\" src=\"https:\/\/www.bzdz.pl\/technikum-mundurowe-chojnice\/wp-content\/uploads\/2026\/04\/img-20260416-wa0000-400x250.jpg\" alt=\"\ud83d\udc6e\u200d\u2642\ufe0f Klasy mundurowe z wizyt\u0105 w Akademii Policji w Szczytnie! \ud83d\ude94\" class=\"\" srcset=\"https:\/\/www.bzdz.pl\/technikum-mundurowe-chojnice\/wp-content\/uploads\/2026\/04\/img-20260416-wa0000.jpg 479w, https:\/\/www.bzdz.pl\/technikum-mundurowe-chojnice\/wp-content\/uploads\/2026\/04\/img-20260416-wa0000-400x250.jpg 480w \" sizes=\"(max-width:479px) 479px, 100vw \"  width=\"400\" height=\"250\" \/><\/a><\/div>\t\t\t\t\t\t<div class=\"content-wrapper\">\n\t\t\t\t\t\t\t<h2 class=\"dg_bc_title\"><a href=\"https:\/\/www.bzdz.pl\/technikum-mundurowe-chojnice\/%f0%9f%91%ae%e2%99%82%ef%b8%8f-klasy-mundurowe-z-wizyta-w-akademii-policji-w-szczytnie-%f0%9f%9a%94\/\">\ud83d\udc6e\u200d\u2642\ufe0f Klasy mundurowe z wizyt\u0105 w Akademii Policji w Szczytnie! \ud83d\ude94<\/a><\/h2><p class=\"post-meta\"><span class=\"published\">17.04.2026<\/span><\/p><div class=\"post-content\"><p>Wczoraj (16.04) nasi uczniowie wzi\u0119li udzia\u0142 w wyj\u0105tkowych zaj\u0119ciach na terenie presti\u017cowej Akademii Policji w S...<\/div>\t\t\t\t\t\t\t\t\t\t\t\t\t\t\t\t\t\t\t\t\t\n\t\t\t\t\t\t<\/div>\n\t\t\t\t\t<\/div>\n\t\t\t\t<\/article>\n\t\t\t\t\t\t\t\t\n\t\t\t\t<article id=\"post-22135\" class=\"dgbc_post_item post-22135 post type-post status-publish format-standard has-post-thumbnail hentry category-aktualnosci\">\n\t\t\t\t\t<div class=\"dgbc_post_inner_wrapper\">\n\t\t\t\t\t\t<div class=\"dg-post-thumb\"><a href=\"https:\/\/www.bzdz.pl\/technikum-mundurowe-chojnice\/%f0%9f%8e%96%ef%b8%8f-nasi-uczniowie-na-wojskowych-targach-sluzby-i-pracy-%f0%9f%8e%96%ef%b8%8f\/\" data-icon=\"1\"><img loading=\"lazy\" decoding=\"async\" src=\"https:\/\/www.bzdz.pl\/technikum-mundurowe-chojnice\/wp-content\/uploads\/2026\/04\/img-20260417-wa0003-400x250.jpg\" alt=\"\ud83c\udf96\ufe0f Nasi uczniowie na Wojskowych Targach S\u0142u\u017cby i Pracy! \ud83c\udf96\ufe0f\" class=\"\" srcset=\"https:\/\/www.bzdz.pl\/technikum-mundurowe-chojnice\/wp-content\/uploads\/2026\/04\/img-20260417-wa0003.jpg 479w, https:\/\/www.bzdz.pl\/technikum-mundurowe-chojnice\/wp-content\/uploads\/2026\/04\/img-20260417-wa0003-400x250.jpg 480w \" sizes=\"(max-width:479px) 479px, 100vw \"  width=\"400\" height=\"250\" \/><\/a><\/div>\t\t\t\t\t\t<div class=\"content-wrapper\">\n\t\t\t\t\t\t\t<h2 class=\"dg_bc_title\"><a href=\"https:\/\/www.bzdz.pl\/technikum-mundurowe-chojnice\/%f0%9f%8e%96%ef%b8%8f-nasi-uczniowie-na-wojskowych-targach-sluzby-i-pracy-%f0%9f%8e%96%ef%b8%8f\/\">\ud83c\udf96\ufe0f Nasi uczniowie na Wojskowych Targach S\u0142u\u017cby i Pracy! \ud83c\udf96\ufe0f<\/a><\/h2><p class=\"post-meta\"><span class=\"published\">17.04.2026<\/span><\/p><div class=\"post-content\"><p>Dzisiejszy dzie\u0144 sp\u0119dzili\u015bmy na hali przy ul. Wagnera w Chojnicach, poznaj\u0105c tajniki s\u0142u\u017cby w Si\u0142ach Zbrojnych...<\/div>\t\t\t\t\t\t\t\t\t\t\t\t\t\t\t\t\t\t\t\t\t\n\t\t\t\t\t\t<\/div>\n\t\t\t\t\t<\/div>\n\t\t\t\t<\/article>\n\t\t\t\t\t\t\t\t\n\t\t\t\t<article id=\"post-22113\" class=\"dgbc_post_item post-22113 post type-post status-publish format-standard has-post-thumbnail hentry category-aktualnosci\">\n\t\t\t\t\t<div class=\"dgbc_post_inner_wrapper\">\n\t\t\t\t\t\t<div class=\"dg-post-thumb\"><a href=\"https:\/\/www.bzdz.pl\/technikum-mundurowe-chojnice\/%f0%9f%9b%a1%ef%b8%8f-iv-gielda-szkol-ponadpodstawowych-w-rychnowach-%f0%9f%9b%a1%ef%b8%8f\/\" data-icon=\"1\"><img loading=\"lazy\" decoding=\"async\" src=\"https:\/\/www.bzdz.pl\/technikum-mundurowe-chojnice\/wp-content\/uploads\/2026\/04\/20260409-1152471-400x250.jpg\" alt=\"\ud83d\udee1\ufe0f IV Gie\u0142da Szk\u00f3\u0142 Ponadpodstawowych w Rychnowach \ud83d\udee1\ufe0f\" class=\"\" srcset=\"https:\/\/www.bzdz.pl\/technikum-mundurowe-chojnice\/wp-content\/uploads\/2026\/04\/20260409-1152471.jpg 479w, https:\/\/www.bzdz.pl\/technikum-mundurowe-chojnice\/wp-content\/uploads\/2026\/04\/20260409-1152471-400x250.jpg 480w \" sizes=\"(max-width:479px) 479px, 100vw \"  width=\"400\" height=\"250\" \/><\/a><\/div>\t\t\t\t\t\t<div class=\"content-wrapper\">\n\t\t\t\t\t\t\t<h2 class=\"dg_bc_title\"><a href=\"https:\/\/www.bzdz.pl\/technikum-mundurowe-chojnice\/%f0%9f%9b%a1%ef%b8%8f-iv-gielda-szkol-ponadpodstawowych-w-rychnowach-%f0%9f%9b%a1%ef%b8%8f\/\">\ud83d\udee1\ufe0f IV Gie\u0142da Szk\u00f3\u0142 Ponadpodstawowych w Rychnowach \ud83d\udee1\ufe0f<\/a><\/h2><p class=\"post-meta\"><span class=\"published\">14.04.2026<\/span><\/p><div class=\"post-content\"><p>W ubieg\u0142ym tygodniu odwiedzili\u015bmy Szko\u0142a Podstawowa im. Kawaler\u00f3w Orderu U\u015bmiechu w Rychnowach. \u00a0 Uczestniczyli...<\/div>\t\t\t\t\t\t\t\t\t\t\t\t\t\t\t\t\t\t\t\t\t\n\t\t\t\t\t\t<\/div>\n\t\t\t\t\t<\/div>\n\t\t\t\t<\/article>\n\t\t\t\t\t\t\t\t\n\t\t\t\t<article id=\"post-22109\" class=\"dgbc_post_item post-22109 post type-post status-publish format-standard has-post-thumbnail hentry category-aktualnosci\">\n\t\t\t\t\t<div class=\"dgbc_post_inner_wrapper\">\n\t\t\t\t\t\t<div class=\"dg-post-thumb\"><a href=\"https:\/\/www.bzdz.pl\/technikum-mundurowe-chojnice\/wielkanoc-2026-%f0%9f%90%a3%f0%9f%90%b0%f0%9f%8c%b8\/\" data-icon=\"1\"><img loading=\"lazy\" decoding=\"async\" src=\"https:\/\/www.bzdz.pl\/technikum-mundurowe-chojnice\/wp-content\/uploads\/2026\/04\/zyczenia-wielkanocne-400x250.jpg\" alt=\"Wielkanoc 2026 \ud83d\udc23\ud83d\udc30\ud83c\udf38\" class=\"\" srcset=\"https:\/\/www.bzdz.pl\/technikum-mundurowe-chojnice\/wp-content\/uploads\/2026\/04\/zyczenia-wielkanocne.jpg 479w, https:\/\/www.bzdz.pl\/technikum-mundurowe-chojnice\/wp-content\/uploads\/2026\/04\/zyczenia-wielkanocne-400x250.jpg 480w \" sizes=\"(max-width:479px) 479px, 100vw \"  width=\"400\" height=\"250\" \/><\/a><\/div>\t\t\t\t\t\t<div class=\"content-wrapper\">\n\t\t\t\t\t\t\t<h2 class=\"dg_bc_title\"><a href=\"https:\/\/www.bzdz.pl\/technikum-mundurowe-chojnice\/wielkanoc-2026-%f0%9f%90%a3%f0%9f%90%b0%f0%9f%8c%b8\/\">Wielkanoc 2026 \ud83d\udc23\ud83d\udc30\ud83c\udf38<\/a><\/h2><p class=\"post-meta\"><span class=\"published\">4.04.2026<\/span><\/p><div class=\"post-content\"><\/div>\t\t\t\t\t\t\t\t\t\t\t\t\t\t\t\t\t\t\t\t\t\n\t\t\t\t\t\t<\/div>\n\t\t\t\t\t<\/div>\n\t\t\t\t<\/article>\n\t\t\t\t<\/div>\n\t\t\t\t\t\t\t<\/div><div class=\"swiper-pagination dg-bc-dots-0\"><\/div>\n\t\t\t\t\t\t<\/div>\n\t\t\t\t<\/div>\n\t\t\t<\/div>Wybierz dla siebie zaw\u00f3d i profil!Nasze profile:Nowy profil POLICJI I STRA\u017bY GRANICZNEJ od 2025\/2026W oddzia\u0142ach realizowane jest szkolenie z zakresu przygotowania wojskowego, w formie dodatkowych zaj\u0119\u0107 edukacyjnych, a jego program okre\u015bla rozporz\u0105dzenie Ministra Obrony [&hellip;]<\/p>\n","protected":false},"author":1,"featured_media":0,"parent":0,"menu_order":0,"comment_status":"closed","ping_status":"closed","template":"","meta":{"_et_pb_use_builder":"on","_et_pb_old_content":"","_et_gb_content_width":"","footnotes":""},"class_list":["post-19179","page","type-page","status-publish","hentry"],"yoast_head":"<!-- This site is optimized with the Yoast SEO plugin v27.5 - https:\/\/yoast.com\/product\/yoast-seo-wordpress\/ -->\n<title>Szko\u0142a Techniczna im. Dywizjonu 303 BZDZ w Chojnicach<\/title>\n<meta name=\"robots\" content=\"index, follow, max-snippet:-1, max-image-preview:large, max-video-preview:-1\" \/>\n<link rel=\"canonical\" href=\"https:\/\/www.bzdz.pl\/technikum-mundurowe-chojnice\/\" \/>\n<meta property=\"og:locale\" content=\"pl_PL\" \/>\n<meta property=\"og:type\" content=\"article\" \/>\n<meta property=\"og:title\" content=\"Szko\u0142a Techniczna im. Dywizjonu 303 BZDZ w Chojnicach\" \/>\n<meta property=\"og:description\" content=\"Witamyw Szkole Technicznejim. Dywizjonu 303 BZDZw Chojnicach!Aktualno\u015bciWybierz dla siebie zaw\u00f3d i profil!Nasze profile:Nowy profil POLICJI I STRA\u017bY GRANICZNEJ od 2025\/2026W oddzia\u0142ach realizowane jest szkolenie z zakresu przygotowania wojskowego, w formie dodatkowych zaj\u0119\u0107 edukacyjnych, a jego program okre\u015bla rozporz\u0105dzenie Ministra Obrony [&hellip;]\" \/>\n<meta property=\"og:url\" content=\"https:\/\/www.bzdz.pl\/technikum-mundurowe-chojnice\/\" \/>\n<meta property=\"og:site_name\" content=\"Technikum Chojnice\" \/>\n<meta property=\"article:modified_time\" content=\"2026-02-04T10:11:27+00:00\" \/>\n<meta property=\"og:image\" content=\"https:\/\/www.bzdz.pl\/technikum-mundurowe-chojnice\/wp-content\/uploads\/2025\/01\/opw-strona-glowna-1024x1024.png\" \/>\n<meta name=\"twitter:card\" content=\"summary_large_image\" \/>\n<meta name=\"twitter:label1\" content=\"Szacowany czas czytania\" \/>\n\t<meta name=\"twitter:data1\" content=\"11 minut\" \/>\n<script type=\"application\/ld+json\" class=\"yoast-schema-graph\">{\"@context\":\"https:\\\/\\\/schema.org\",\"@graph\":[{\"@type\":\"WebPage\",\"@id\":\"https:\\\/\\\/www.bzdz.pl\\\/technikum-mundurowe-chojnice\\\/\",\"url\":\"https:\\\/\\\/www.bzdz.pl\\\/technikum-mundurowe-chojnice\\\/\",\"name\":\"Szko\u0142a Techniczna im. Dywizjonu 303 BZDZ w Chojnicach\",\"isPartOf\":{\"@id\":\"https:\\\/\\\/www.bzdz.pl\\\/technikum-mundurowe-chojnice\\\/#website\"},\"primaryImageOfPage\":{\"@id\":\"https:\\\/\\\/www.bzdz.pl\\\/technikum-mundurowe-chojnice\\\/#primaryimage\"},\"image\":{\"@id\":\"https:\\\/\\\/www.bzdz.pl\\\/technikum-mundurowe-chojnice\\\/#primaryimage\"},\"thumbnailUrl\":\"https:\\\/\\\/www.bzdz.pl\\\/technikum-mundurowe-chojnice\\\/wp-content\\\/uploads\\\/2025\\\/01\\\/opw-strona-glowna-1024x1024.png\",\"datePublished\":\"2024-09-23T12:23:19+00:00\",\"dateModified\":\"2026-02-04T10:11:27+00:00\",\"breadcrumb\":{\"@id\":\"https:\\\/\\\/www.bzdz.pl\\\/technikum-mundurowe-chojnice\\\/#breadcrumb\"},\"inLanguage\":\"pl-PL\",\"potentialAction\":[{\"@type\":\"ReadAction\",\"target\":[\"https:\\\/\\\/www.bzdz.pl\\\/technikum-mundurowe-chojnice\\\/\"]}]},{\"@type\":\"ImageObject\",\"inLanguage\":\"pl-PL\",\"@id\":\"https:\\\/\\\/www.bzdz.pl\\\/technikum-mundurowe-chojnice\\\/#primaryimage\",\"url\":\"https:\\\/\\\/www.bzdz.pl\\\/technikum-mundurowe-chojnice\\\/wp-content\\\/uploads\\\/2025\\\/01\\\/opw-strona-glowna.png\",\"contentUrl\":\"https:\\\/\\\/www.bzdz.pl\\\/technikum-mundurowe-chojnice\\\/wp-content\\\/uploads\\\/2025\\\/01\\\/opw-strona-glowna.png\",\"width\":1080,\"height\":1080},{\"@type\":\"BreadcrumbList\",\"@id\":\"https:\\\/\\\/www.bzdz.pl\\\/technikum-mundurowe-chojnice\\\/#breadcrumb\",\"itemListElement\":[{\"@type\":\"ListItem\",\"position\":1,\"name\":\"Strona g\u0142\u00f3wna\",\"item\":\"https:\\\/\\\/www.bzdz.pl\\\/technikum-mundurowe-chojnice\\\/\"},{\"@type\":\"ListItem\",\"position\":2,\"name\":\"Witamy\"}]},{\"@type\":\"WebSite\",\"@id\":\"https:\\\/\\\/www.bzdz.pl\\\/technikum-mundurowe-chojnice\\\/#website\",\"url\":\"https:\\\/\\\/www.bzdz.pl\\\/technikum-mundurowe-chojnice\\\/\",\"name\":\"Technikum Chojnice\",\"description\":\"\",\"potentialAction\":[{\"@type\":\"SearchAction\",\"target\":{\"@type\":\"EntryPoint\",\"urlTemplate\":\"https:\\\/\\\/www.bzdz.pl\\\/technikum-mundurowe-chojnice\\\/?s={search_term_string}\"},\"query-input\":{\"@type\":\"PropertyValueSpecification\",\"valueRequired\":true,\"valueName\":\"search_term_string\"}}],\"inLanguage\":\"pl-PL\"}]}<\/script>\n<!-- \/ Yoast SEO plugin. -->","yoast_head_json":{"title":"Szko\u0142a Techniczna im. Dywizjonu 303 BZDZ w Chojnicach","robots":{"index":"index","follow":"follow","max-snippet":"max-snippet:-1","max-image-preview":"max-image-preview:large","max-video-preview":"max-video-preview:-1"},"canonical":"https:\/\/www.bzdz.pl\/technikum-mundurowe-chojnice\/","og_locale":"pl_PL","og_type":"article","og_title":"Szko\u0142a Techniczna im. Dywizjonu 303 BZDZ w Chojnicach","og_description":"Witamyw Szkole Technicznejim. Dywizjonu 303 BZDZw Chojnicach!Aktualno\u015bciWybierz dla siebie zaw\u00f3d i profil!Nasze profile:Nowy profil POLICJI I STRA\u017bY GRANICZNEJ od 2025\/2026W oddzia\u0142ach realizowane jest szkolenie z zakresu przygotowania wojskowego, w formie dodatkowych zaj\u0119\u0107 edukacyjnych, a jego program okre\u015bla rozporz\u0105dzenie Ministra Obrony [&hellip;]","og_url":"https:\/\/www.bzdz.pl\/technikum-mundurowe-chojnice\/","og_site_name":"Technikum Chojnice","article_modified_time":"2026-02-04T10:11:27+00:00","og_image":[{"url":"https:\/\/www.bzdz.pl\/technikum-mundurowe-chojnice\/wp-content\/uploads\/2025\/01\/opw-strona-glowna-1024x1024.png","type":"","width":"","height":""}],"twitter_card":"summary_large_image","twitter_misc":{"Szacowany czas czytania":"11 minut"},"schema":{"@context":"https:\/\/schema.org","@graph":[{"@type":"WebPage","@id":"https:\/\/www.bzdz.pl\/technikum-mundurowe-chojnice\/","url":"https:\/\/www.bzdz.pl\/technikum-mundurowe-chojnice\/","name":"Szko\u0142a Techniczna im. Dywizjonu 303 BZDZ w Chojnicach","isPartOf":{"@id":"https:\/\/www.bzdz.pl\/technikum-mundurowe-chojnice\/#website"},"primaryImageOfPage":{"@id":"https:\/\/www.bzdz.pl\/technikum-mundurowe-chojnice\/#primaryimage"},"image":{"@id":"https:\/\/www.bzdz.pl\/technikum-mundurowe-chojnice\/#primaryimage"},"thumbnailUrl":"https:\/\/www.bzdz.pl\/technikum-mundurowe-chojnice\/wp-content\/uploads\/2025\/01\/opw-strona-glowna-1024x1024.png","datePublished":"2024-09-23T12:23:19+00:00","dateModified":"2026-02-04T10:11:27+00:00","breadcrumb":{"@id":"https:\/\/www.bzdz.pl\/technikum-mundurowe-chojnice\/#breadcrumb"},"inLanguage":"pl-PL","potentialAction":[{"@type":"ReadAction","target":["https:\/\/www.bzdz.pl\/technikum-mundurowe-chojnice\/"]}]},{"@type":"ImageObject","inLanguage":"pl-PL","@id":"https:\/\/www.bzdz.pl\/technikum-mundurowe-chojnice\/#primaryimage","url":"https:\/\/www.bzdz.pl\/technikum-mundurowe-chojnice\/wp-content\/uploads\/2025\/01\/opw-strona-glowna.png","contentUrl":"https:\/\/www.bzdz.pl\/technikum-mundurowe-chojnice\/wp-content\/uploads\/2025\/01\/opw-strona-glowna.png","width":1080,"height":1080},{"@type":"BreadcrumbList","@id":"https:\/\/www.bzdz.pl\/technikum-mundurowe-chojnice\/#breadcrumb","itemListElement":[{"@type":"ListItem","position":1,"name":"Strona g\u0142\u00f3wna","item":"https:\/\/www.bzdz.pl\/technikum-mundurowe-chojnice\/"},{"@type":"ListItem","position":2,"name":"Witamy"}]},{"@type":"WebSite","@id":"https:\/\/www.bzdz.pl\/technikum-mundurowe-chojnice\/#website","url":"https:\/\/www.bzdz.pl\/technikum-mundurowe-chojnice\/","name":"Technikum Chojnice","description":"","potentialAction":[{"@type":"SearchAction","target":{"@type":"EntryPoint","urlTemplate":"https:\/\/www.bzdz.pl\/technikum-mundurowe-chojnice\/?s={search_term_string}"},"query-input":{"@type":"PropertyValueSpecification","valueRequired":true,"valueName":"search_term_string"}}],"inLanguage":"pl-PL"}]}},"_links":{"self":[{"href":"https:\/\/www.bzdz.pl\/technikum-mundurowe-chojnice\/wp-json\/wp\/v2\/pages\/19179","targetHints":{"allow":["GET"]}}],"collection":[{"href":"https:\/\/www.bzdz.pl\/technikum-mundurowe-chojnice\/wp-json\/wp\/v2\/pages"}],"about":[{"href":"https:\/\/www.bzdz.pl\/technikum-mundurowe-chojnice\/wp-json\/wp\/v2\/types\/page"}],"author":[{"embeddable":true,"href":"https:\/\/www.bzdz.pl\/technikum-mundurowe-chojnice\/wp-json\/wp\/v2\/users\/1"}],"replies":[{"embeddable":true,"href":"https:\/\/www.bzdz.pl\/technikum-mundurowe-chojnice\/wp-json\/wp\/v2\/comments?post=19179"}],"version-history":[{"count":27,"href":"https:\/\/www.bzdz.pl\/technikum-mundurowe-chojnice\/wp-json\/wp\/v2\/pages\/19179\/revisions"}],"predecessor-version":[{"id":21911,"href":"https:\/\/www.bzdz.pl\/technikum-mundurowe-chojnice\/wp-json\/wp\/v2\/pages\/19179\/revisions\/21911"}],"wp:attachment":[{"href":"https:\/\/www.bzdz.pl\/technikum-mundurowe-chojnice\/wp-json\/wp\/v2\/media?parent=19179"}],"curies":[{"name":"wp","href":"https:\/\/api.w.org\/{rel}","templated":true}]}}